{"id":136,"date":"2024-08-30T17:22:36","date_gmt":"2024-08-30T17:22:36","guid":{"rendered":"https:\/\/destaquevagasmais.com.br\/?page_id=136"},"modified":"2024-10-22T12:13:57","modified_gmt":"2024-10-22T12:13:57","slug":"terms","status":"publish","type":"page","link":"https:\/\/destaquevagasmais.com.br\/es\/terms\/","title":{"rendered":"T\u00e9rminos de uso \u2013 Destaque Vagas Mais"},"content":{"rendered":"<!--advertisement--><div class=\"mx-5 sm:mx-0 sm:text-3xl text-2xl font-medium title-font mb-4 text-gray-900 text-left\">\n<h2 class=\"wp-block-heading\"><strong>Tramo I \u2013 Acceso a Destaque Vagas Mais<\/strong><\/h2>\n<\/div><div class=\"mx-5 sm:mx-0 prose leading-relaxed text-lg mb-5 text-left wp-paragraph\">\n<p>1.1 Al acceder y utilizar Destaque Vagas Mais, usted, como usuario, acepta cumplir con los T\u00e9rminos y Condiciones Generales de Uso y la Pol\u00edtica de Privacidad del sitio.<\/p>\n<\/div><div class=\"mx-5 sm:mx-0 prose leading-relaxed text-lg mb-5 text-left wp-paragraph\">\n<p>1.2 Al utilizar Destaque Vagas Mais, usted confirma que tiene al menos 18 a\u00f1os y tiene la capacidad legal para aceptar y adherirse a los T\u00e9rminos y Condiciones de Uso.<\/p>\n<\/div><div class=\"mx-5 sm:mx-0 prose leading-relaxed text-lg mb-5 text-left wp-paragraph\">\n<p>1.3 Si no cumple con los requisitos de edad y capacidad legal o no est\u00e1 de acuerdo con los T\u00e9rminos y Condiciones de Uso, deber\u00e1 dejar de acceder y utilizar los servicios proporcionados por Destaque Vagas Mais y cualquier sitio o servicio relacionado.<\/p>\n<\/div><!--advertisement--><div class=\"mx-5 sm:mx-0 sm:text-3xl text-2xl font-medium title-font mb-4 text-gray-900 text-left\">\n<h2 class=\"wp-block-heading\"><strong>Secci\u00f3n II \u2013 Contacto<\/strong><\/h2>\n<\/div><div class=\"mx-5 sm:mx-0 prose leading-relaxed text-lg mb-5 text-left wp-paragraph\">\n<p>2.1 Los usuarios tienen la opci\u00f3n de contactar con el equipo de soporte para aclarar dudas, resolver problemas, presentar quejas o solicitar informaci\u00f3n adicional sobre los productos y servicios ofrecidos por Destaque Vagas Mais.<\/p>\n<\/div><div class=\"mx-5 sm:mx-0 prose leading-relaxed text-lg mb-5 text-left wp-paragraph\">\n<p>2.2 Para ponerse en contacto, los usuarios deber\u00e1n rellenar el formulario disponible en <a style=\" color:;\" href=\"https:\/\/destaquevagasmais.com.br\/es\/contact\/\">https:\/\/destaquevagasmais.com.br\/contact\/<\/a>.<\/p>\n<\/div><!--advertisement--><div class=\"mx-5 sm:mx-0 sm:text-3xl text-2xl font-medium title-font mb-4 text-gray-900 text-left\">\n<h2 class=\"wp-block-heading\"><strong>Secci\u00f3n III \u2013 Responsabilidades de las Partes<\/strong><\/h2>\n<\/div><div class=\"mx-5 sm:mx-0 prose leading-relaxed text-lg mb-5 text-left wp-paragraph\">\n<p>3.1 <strong>Aceptaci\u00f3n de T\u00e9rminos y Pol\u00edtica de Privacidad<\/strong><br>Al utilizar Destaque Vagas Mais, usted reconoce que ha le\u00eddo, comprendido y aceptado los t\u00e9rminos presentados, incluidos los T\u00e9rminos de uso y la Pol\u00edtica de privacidad.<\/p>\n<\/div><div class=\"mx-5 sm:mx-0 prose leading-relaxed text-lg mb-5 text-left wp-paragraph\">\n<p>3.2 <strong>Enlaces a sitios externos<\/strong><br>Destaque Vagas Mais proporciona enlaces a sitios de terceros, lo que le permite contratar servicios o comprar productos de socios sin la participaci\u00f3n directa de Destaque Vagas Mais en estas transacciones.<\/p>\n<\/div><div class=\"mx-5 sm:mx-0 prose leading-relaxed text-lg mb-5 text-left wp-paragraph\">\n<p>3.3 <strong>Condiciones del sitio asociado<\/strong><br>Al acceder a los sitios asociados, usted acepta cumplir con los t\u00e9rminos de uso y las pol\u00edticas de privacidad espec\u00edficas de cada uno de esos sitios.<\/p>\n<\/div><div class=\"mx-5 sm:mx-0 prose leading-relaxed text-lg mb-5 text-left wp-paragraph\">\n<p>3.4 <strong>Descargo de responsabilidad por contenido de terceros<\/strong><br>Destaque Vagas Mais no es responsable de ning\u00fan t\u00e9rmino, pol\u00edtica, informaci\u00f3n o contenido proporcionado por terceros, ni de ninguna transacci\u00f3n realizada con terceros.<\/p>\n<\/div><div class=\"mx-5 sm:mx-0 prose leading-relaxed text-lg mb-5 text-left wp-paragraph\">\n<p>3.5 <strong>Protecci\u00f3n contra software malicioso<\/strong><br>No nos hacemos responsables de ning\u00fan da\u00f1o causado por virus u otro software malicioso adquirido durante la navegaci\u00f3n por Internet. Recomendamos utilizar un software antivirus actualizado para su protecci\u00f3n.<\/p>\n<\/div><div class=\"mx-5 sm:mx-0 prose leading-relaxed text-lg mb-5 text-left wp-paragraph\">\n<p>3.6 <strong>Limitaci\u00f3n de responsabilidad<\/strong><br>Destaque Vagas Mais no asume responsabilidad por da\u00f1os resultantes del mal uso del sitio o por eventos fuera de nuestro control.<\/p>\n<\/div><div class=\"mx-5 sm:mx-0 prose leading-relaxed text-lg mb-5 text-left wp-paragraph\">\n<p>3.7 <strong>Transacciones financieras<\/strong><br>Destaque Vagas Mais no solicita pagos, dep\u00f3sitos o transferencias bancarias para brindar acceso a productos o servicios financieros.<\/p>\n<\/div><div class=\"mx-5 sm:mx-0 prose leading-relaxed text-lg mb-5 text-left wp-paragraph\">\n<p>3.8 <strong>Alertas de seguridad<\/strong><br>No enviamos correos electr\u00f3nicos que soliciten informaci\u00f3n personal, registros o que contengan archivos adjuntos ejecutables. Si recibe este tipo de mensajes, notif\u00edquenoslo mediante el formulario de contacto disponible en <a style=\" color:;\" href=\"https:\/\/destaquevagasmais.com.br\/es\/contact\/\">https:\/\/destaquevagasmais.com.br\/contact\/<\/a>.<\/p>\n<\/div><!--advertisement--><div class=\"mx-5 sm:mx-0 sm:text-3xl text-2xl font-medium title-font mb-4 text-gray-900 text-left\">\n<h2 class=\"wp-block-heading\"><strong>Secci\u00f3n IV \u2013 Normas de uso y prohibiciones<\/strong><\/h2>\n<\/div><div class=\"mx-5 sm:mx-0 prose leading-relaxed text-lg mb-5 text-left wp-paragraph\">\n<p>Nuestros T\u00e9rminos de Servicio establecen pautas para el uso adecuado de nuestro sitio y del contenido disponible en \u00e9l. Quedan expresamente prohibidas las siguientes acciones:<\/p>\n<\/div><div class=\"mx-5 sm:mx-0 prose text-left mb-5\">\n<ul><div class=\"mx-5 sm:mx-0 prose text-left mb-5\">\n<li>Utilizar el sitio para promover o ejecutar actividades ilegales o para apoyar dichas actividades.<\/li>\n<\/div>\n\n<div class=\"mx-5 sm:mx-0 prose text-left mb-5\">\n<li>Violar cualquier ley o regulaci\u00f3n local, estatal, nacional o internacional aplicable.<\/li>\n<\/div>\n\n<div class=\"mx-5 sm:mx-0 prose text-left mb-5\">\n<li>Infringir derechos de propiedad intelectual, ya sean nuestros o de terceros.<\/li>\n<\/div>\n\n<div class=\"mx-5 sm:mx-0 prose text-left mb-5\">\n<li>Participar en acoso, abuso, difamaci\u00f3n, intimidaci\u00f3n o discriminaci\u00f3n por motivos de g\u00e9nero, orientaci\u00f3n sexual, religi\u00f3n, etnia, raza, edad, nacionalidad o discapacidad.<\/li>\n<\/div>\n\n<div class=\"mx-5 sm:mx-0 prose text-left mb-5\">\n<li>Publicar o difundir informaci\u00f3n falsa o enga\u00f1osa.<\/li>\n<\/div>\n\n<div class=\"mx-5 sm:mx-0 prose text-left mb-5\">\n<li>Distribuir virus o c\u00f3digos maliciosos que puedan comprometer el funcionamiento del servicio, de los sitios relacionados o de Internet en su conjunto.<\/li>\n<\/div>\n\n<div class=\"mx-5 sm:mx-0 prose text-left mb-5\">\n<li>Recopilar o monitorear informaci\u00f3n personal de terceros sin el consentimiento adecuado.<\/li>\n<\/div>\n\n<div class=\"mx-5 sm:mx-0 prose text-left mb-5\">\n<li>Participar en pr\u00e1cticas como spam, phishing, pharming, pretexting, spidering, crawling o scraping.<\/li>\n<\/div>\n\n<div class=\"mx-5 sm:mx-0 prose text-left mb-5\">\n<li>Utilizar el sitio para actividades obscenas o inmorales.<\/li>\n<\/div>\n\n<div class=\"mx-5 sm:mx-0 prose text-left mb-5\">\n<li>Intentar eludir las medidas de seguridad implementadas en el Servicio o en sitios asociados.<\/li>\n<\/div><\/ul>\n<\/div><div class=\"mx-5 sm:mx-0 prose leading-relaxed text-lg mb-5 text-left wp-paragraph\">\n<p>Nos reservamos el derecho de suspender o terminar su acceso a nuestro Servicio y cualquier sitio asociado si se violan estas reglas.<\/p>\n<\/div><!--advertisement--><div class=\"mx-5 sm:mx-0 sm:text-3xl text-2xl font-medium title-font mb-4 text-gray-900 text-left\">\n<h2 class=\"wp-block-heading\"><strong>Secci\u00f3n V \u2013 Limitaciones de responsabilidad y garant\u00edas<\/strong><\/h2>\n<\/div><div class=\"mx-5 sm:mx-0 prose leading-relaxed text-lg mb-5 text-left wp-paragraph\">\n<p>Tenga en cuenta que el acceso a nuestro Servicio puede ser intermitente y no garantizamos que sea totalmente seguro o libre de fallas. No garantizamos la precisi\u00f3n o confiabilidad de los resultados obtenidos a trav\u00e9s del uso del Servicio.<\/p>\n<\/div><div class=\"mx-5 sm:mx-0 prose leading-relaxed text-lg mb-5 text-left wp-paragraph\">\n<p>El Servicio podr\u00e1 ser interrumpido o discontinuado sin previo aviso.<\/p>\n<\/div><div class=\"mx-5 sm:mx-0 prose leading-relaxed text-lg mb-5 text-left wp-paragraph\">\n<p>Usted acepta que la responsabilidad por el uso o la imposibilidad de usar el Servicio recae exclusivamente sobre usted. El Servicio se proporciona \u201ctal como est\u00e1\u201d y \u201cseg\u00fan disponibilidad\u201d, sin garant\u00edas de ning\u00fan tipo, ya sean expresas o impl\u00edcitas.<\/p>\n<\/div><div class=\"mx-5 sm:mx-0 prose leading-relaxed text-lg mb-5 text-left wp-paragraph\">\n<p>Destaque Vagas Mais y sus representantes no ser\u00e1n responsables de ning\u00fan da\u00f1o, p\u00e9rdida o reclamo resultante del uso del Servicio, incluyendo, pero no limitado a, p\u00e9rdida de ganancias, datos u otras p\u00e9rdidas intangibles que surjan del uso de cualquier servicio o producto proporcionado por Destaque Vagas Mais.<\/p>\n<\/div><div class=\"mx-5 sm:mx-0 prose leading-relaxed text-lg mb-5 text-left wp-paragraph\">\n<p>En jurisdicciones donde no se permite la exclusi\u00f3n o limitaci\u00f3n de responsabilidad por da\u00f1os indirectos o incidentales, nuestra responsabilidad se limitar\u00e1 al m\u00e1ximo permitido por la ley aplicable.<\/p>\n<\/div><!--advertisement--><div class=\"mx-5 sm:mx-0 sm:text-3xl text-2xl font-medium title-font mb-4 text-gray-900 text-left\">\n<h2 class=\"wp-block-heading\"><strong>Secci\u00f3n VI \u2013 Duraci\u00f3n y Plazo Estatutario<\/strong><\/h2>\n<\/div><div class=\"mx-5 sm:mx-0 prose leading-relaxed text-lg mb-5 text-left wp-paragraph\">\n<p>6.1 <strong>Duraci\u00f3n de los T\u00e9rminos<\/strong><br>Las Condiciones Generales de Uso de Destaque Vagas Mais tienen una vigencia indefinida.<\/p>\n<\/div><div class=\"mx-5 sm:mx-0 prose leading-relaxed text-lg mb-5 text-left wp-paragraph\">\n<p>6.2 <strong>Plazo legal para acciones legales<\/strong><br>Cualquier acci\u00f3n legal o procedimiento administrativo relacionado con el uso de Destaque Vagas Mais, seg\u00fan lo estipulado en estas Condiciones Generales de Uso o en la Pol\u00edtica de Privacidad, deber\u00e1 iniciarse en un plazo m\u00e1ximo de 90 d\u00edas desde la fecha del incidente que dio lugar a la reclamaci\u00f3n.<\/p>\n<\/div><!--advertisement--><div class=\"mx-5 sm:mx-0 sm:text-3xl text-2xl font-medium title-font mb-4 text-gray-900 text-left\">\n<h2 class=\"wp-block-heading\"><strong>Secci\u00f3n VII \u2013 Ley Aplicable y Jurisdicci\u00f3n<\/strong><\/h2>\n<\/div><div class=\"mx-5 sm:mx-0 prose leading-relaxed text-lg mb-5 text-left wp-paragraph\">\n<p>7.1 <strong>Regulaci\u00f3n legal<\/strong><br>Las presentes Condiciones Generales de Uso, as\u00ed como la Pol\u00edtica de Privacidad, se rigen por la legislaci\u00f3n vigente en la Rep\u00fablica Federativa del Brasil, entre la que se encuentran la Constituci\u00f3n Federal, el C\u00f3digo Civil, el C\u00f3digo de Defensa del Consumidor, la Ley Marco Civil de Internet y la Ley General de Protecci\u00f3n de Datos.<\/p>\n<\/div><div class=\"mx-5 sm:mx-0 prose leading-relaxed text-lg mb-5 text-left wp-paragraph\">\n<p>7.2 <strong>Foro para la resoluci\u00f3n de disputas<\/strong><br>Las partes acuerdan que cualquier disputa relacionada con la interpretaci\u00f3n o ejecuci\u00f3n de estos T\u00e9rminos y la Pol\u00edtica de Privacidad ser\u00e1 resuelta exclusivamente por la C\u00e1mara de Comercio de Tallin, Estonia (Tribunal Arbitral de la C\u00e1mara de Comercio e Industria de Estonia), cubriendo todos los asuntos que surjan de estos T\u00e9rminos de Uso.<\/p>\n<\/div><!--advertisement--><div class=\"mx-5 sm:mx-0 sm:text-3xl text-2xl font-medium title-font mb-4 text-gray-900 text-left\">\n<h2 class=\"wp-block-heading\"><strong>Secci\u00f3n VIII \u2013 Derechos de propiedad intelectual y responsabilidad<\/strong><\/h2>\n<\/div><div class=\"mx-5 sm:mx-0 prose leading-relaxed text-lg mb-5 text-left wp-paragraph\">\n<p>8.1 <strong>Derechos de propiedad intelectual<\/strong><br>Todos los materiales disponibles en Destaque Vagas Mais est\u00e1n protegidos por las leyes de derechos de autor y derechos de propiedad intelectual. Queda estrictamente prohibida la reproducci\u00f3n, alteraci\u00f3n, distribuci\u00f3n, exhibici\u00f3n o creaci\u00f3n de trabajos derivados sin autorizaci\u00f3n expresa por escrito.<\/p>\n<\/div><div class=\"mx-5 sm:mx-0 prose leading-relaxed text-lg mb-5 text-left wp-paragraph\">\n<p>8.2 <strong>Descargo de responsabilidad<\/strong><br>Destaque Vagas Mais no asume ninguna responsabilidad por el contenido generado por los usuarios, como publicaciones en foros o redes sociales. Adem\u00e1s, no somos responsables de ning\u00fan da\u00f1o directo o indirecto que resulte del uso del sitio.<\/p>\n<\/div><div class=\"mx-5 sm:mx-0 prose leading-relaxed text-lg mb-5 text-left wp-paragraph\">\n<p>8.3 <strong>Control de infracciones<\/strong><br>Destaque Vagas Mais se reserva el derecho de eliminar cualquier contenido que viole estos t\u00e9rminos, incluidos los materiales considerados ilegales, ofensivos, difamatorios o que infrinjan los derechos de terceros. Destaque Vagas Mais tambi\u00e9n puede desactivar las cuentas de usuario que no cumplan con estas reglas.<\/p>\n<\/div><!--advertisement--><div class=\"mx-5 sm:mx-0 sm:text-3xl text-2xl font-medium title-font mb-4 text-gray-900 text-left\">\n<h2 class=\"wp-block-heading\"><strong>Secci\u00f3n IX \u2013 Modificaci\u00f3n de T\u00e9rminos y Condiciones<\/strong><\/h2>\n<\/div><div class=\"mx-5 sm:mx-0 prose leading-relaxed text-lg mb-5 text-left wp-paragraph\">\n<p>Destaque Vagas Mais se reserva el derecho de modificar, suspender o terminar cualquier parte de sus servicios en cualquier momento y sin previo aviso. En tales casos, Destaque Vagas Mais no est\u00e1 obligado a proporcionar razones o explicaciones a los usuarios o terceros sobre los cambios realizados.<\/p>\n<\/div><div class=\"mx-5 sm:mx-0 prose leading-relaxed text-lg mb-5 text-left wp-paragraph\">\n<p>El acceso y la continuaci\u00f3n del uso del sitio implica la aceptaci\u00f3n impl\u00edcita de los T\u00e9rminos y Condiciones revisados. Si no est\u00e1 de acuerdo con los cambios realizados, es recomendable que deje de utilizar el sitio.<\/p>\n<\/div><!--advertisement--><div class=\"mx-5 sm:mx-0 sm:text-3xl text-2xl font-medium title-font mb-4 text-gray-900 text-left\">\n<h2 class=\"wp-block-heading\"><strong>Secci\u00f3n X \u2013 Informaci\u00f3n de contacto<\/strong><\/h2>\n<\/div><div class=\"mx-5 sm:mx-0 prose leading-relaxed text-lg mb-5 text-left wp-paragraph\">\n<p>Si tienes alguna pregunta o sugerencia sobre nuestros servicios, no dudes en contactarnos. Para ello, visita <a style=\" color:;\" href=\"https:\/\/destaquevagasmais.com.br\/es\/contact\/\">https:\/\/destaquevagasmais.com.br\/contact\/<\/a> y utilice el formulario de contacto disponible para enviarnos sus consultas o comentarios.<\/p>\n<\/div>","protected":false},"excerpt":{"rendered":"<p>Secci\u00f3n I \u2013 Acceso a Destaque Vagas Mais 1.1 Al acceder y utilizar Destaque Vagas Mais, usted, como usuario, acepta cumplir con los T\u00e9rminos y Condiciones Generales de Uso y la Pol\u00edtica de Privacidad del sitio. 1.2 Al utilizar Destaque Vagas Mais, usted confirma que tiene al menos 18 a\u00f1os de edad y tiene los\u2026 <a class=\"more-link\" href=\"https:\/\/destaquevagasmais.com.br\/es\/terms\/\">Sigue leyendo <span class=\"screen-reader-text\">T\u00e9rminos de uso \u2013 Destaque Vagas Mais<\/span><\/a><\/p>","protected":false},"author":5,"featured_media":0,"parent":0,"menu_order":0,"comment_status":"closed","ping_status":"closed","template":"","meta":{"footnotes":""},"yoast_head":"<!-- This site is optimized with the Yoast SEO plugin v23.3 - https:\/\/yoast.com\/wordpress\/plugins\/seo\/ -->\n<title>Terms of Use - Destaque Vagas Mais - Destaque Vagas Mais<\/title>\n<meta name=\"robots\" content=\"index, follow, max-snippet:-1, max-image-preview:large, max-video-preview:-1\" \/>\n<link rel=\"canonical\" href=\"https:\/\/destaquevagasmais.com.br\/es\/terms\/\" \/>\n<meta property=\"og:locale\" content=\"es_MX\" \/>\n<meta property=\"og:type\" content=\"article\" \/>\n<meta property=\"og:title\" content=\"Terms of Use - Destaque Vagas Mais - Destaque Vagas Mais\" \/>\n<meta property=\"og:description\" content=\"Section I \u2013 Access to Destaque Vagas Mais 1.1 By accessing and utilizing Destaque Vagas Mais, you, as a user, agree to comply with the General Terms and Conditions of Use and the site&#8217;s Privacy Policy. 1.2 By using Destaque Vagas Mais, you confirm that you are at least 18 years old and have the&hellip; Continue reading Terms of Use &#8211; Destaque Vagas Mais\" \/>\n<meta property=\"og:url\" content=\"https:\/\/destaquevagasmais.com.br\/es\/terms\/\" \/>\n<meta property=\"og:site_name\" content=\"Destaque Vagas Mais\" \/>\n<meta property=\"article:modified_time\" content=\"2024-10-22T12:13:57+00:00\" \/>\n<meta name=\"twitter:card\" content=\"summary_large_image\" \/>\n<meta name=\"twitter:label1\" content=\"Est. reading time\" \/>\n\t<meta name=\"twitter:data1\" content=\"6 minutos\" \/>\n<script type=\"application\/ld+json\" class=\"yoast-schema-graph\">{\"@context\":\"https:\/\/schema.org\",\"@graph\":[{\"@type\":\"WebPage\",\"@id\":\"https:\/\/destaquevagasmais.com.br\/terms\/\",\"url\":\"https:\/\/destaquevagasmais.com.br\/terms\/\",\"name\":\"Terms of Use - Destaque Vagas Mais - Destaque Vagas Mais\",\"isPartOf\":{\"@id\":\"https:\/\/destaquevagasmais.com.br\/#website\"},\"datePublished\":\"2024-08-30T17:22:36+00:00\",\"dateModified\":\"2024-10-22T12:13:57+00:00\",\"breadcrumb\":{\"@id\":\"https:\/\/destaquevagasmais.com.br\/terms\/#breadcrumb\"},\"inLanguage\":\"es-MX\",\"potentialAction\":[{\"@type\":\"ReadAction\",\"target\":[\"https:\/\/destaquevagasmais.com.br\/terms\/\"]}]},{\"@type\":\"BreadcrumbList\",\"@id\":\"https:\/\/destaquevagasmais.com.br\/terms\/#breadcrumb\",\"itemListElement\":[{\"@type\":\"ListItem\",\"position\":1,\"name\":\"Home\",\"item\":\"https:\/\/destaquevagasmais.com.br\/\"},{\"@type\":\"ListItem\",\"position\":2,\"name\":\"Terms of Use &#8211; Destaque Vagas Mais\"}]},{\"@type\":\"WebSite\",\"@id\":\"https:\/\/destaquevagasmais.com.br\/#website\",\"url\":\"https:\/\/destaquevagasmais.com.br\/\",\"name\":\"Destaque Vagas Mais\",\"description\":\"\",\"potentialAction\":[{\"@type\":\"SearchAction\",\"target\":{\"@type\":\"EntryPoint\",\"urlTemplate\":\"https:\/\/destaquevagasmais.com.br\/?s={search_term_string}\"},\"query-input\":\"required name=search_term_string\"}],\"inLanguage\":\"es-MX\"}]}<\/script>\n<!-- \/ Yoast SEO plugin. -->","yoast_head_json":{"title":"Terms of Use - Destaque Vagas Mais - Destaque Vagas Mais","robots":{"index":"index","follow":"follow","max-snippet":"max-snippet:-1","max-image-preview":"max-image-preview:large","max-video-preview":"max-video-preview:-1"},"canonical":"https:\/\/destaquevagasmais.com.br\/es\/terms\/","og_locale":"es_MX","og_type":"article","og_title":"Terms of Use - Destaque Vagas Mais - Destaque Vagas Mais","og_description":"Section I \u2013 Access to Destaque Vagas Mais 1.1 By accessing and utilizing Destaque Vagas Mais, you, as a user, agree to comply with the General Terms and Conditions of Use and the site&#8217;s Privacy Policy. 1.2 By using Destaque Vagas Mais, you confirm that you are at least 18 years old and have the&hellip; Continue reading Terms of Use &#8211; Destaque Vagas Mais","og_url":"https:\/\/destaquevagasmais.com.br\/es\/terms\/","og_site_name":"Destaque Vagas Mais","article_modified_time":"2024-10-22T12:13:57+00:00","twitter_card":"summary_large_image","twitter_misc":{"Est. reading time":"6 minutos"},"schema":{"@context":"https:\/\/schema.org","@graph":[{"@type":"WebPage","@id":"https:\/\/destaquevagasmais.com.br\/terms\/","url":"https:\/\/destaquevagasmais.com.br\/terms\/","name":"Terms of Use - Destaque Vagas Mais - Destaque Vagas Mais","isPartOf":{"@id":"https:\/\/destaquevagasmais.com.br\/#website"},"datePublished":"2024-08-30T17:22:36+00:00","dateModified":"2024-10-22T12:13:57+00:00","breadcrumb":{"@id":"https:\/\/destaquevagasmais.com.br\/terms\/#breadcrumb"},"inLanguage":"es-MX","potentialAction":[{"@type":"ReadAction","target":["https:\/\/destaquevagasmais.com.br\/terms\/"]}]},{"@type":"BreadcrumbList","@id":"https:\/\/destaquevagasmais.com.br\/terms\/#breadcrumb","itemListElement":[{"@type":"ListItem","position":1,"name":"Home","item":"https:\/\/destaquevagasmais.com.br\/"},{"@type":"ListItem","position":2,"name":"Terms of Use &#8211; Destaque Vagas Mais"}]},{"@type":"WebSite","@id":"https:\/\/destaquevagasmais.com.br\/#website","url":"https:\/\/destaquevagasmais.com.br\/","name":"Destaque Vagas Mais","description":"","potentialAction":[{"@type":"SearchAction","target":{"@type":"EntryPoint","urlTemplate":"https:\/\/destaquevagasmais.com.br\/?s={search_term_string}"},"query-input":"required name=search_term_string"}],"inLanguage":"es-MX"}]}},"_links":{"self":[{"href":"https:\/\/destaquevagasmais.com.br\/es\/wp-json\/wp\/v2\/pages\/136"}],"collection":[{"href":"https:\/\/destaquevagasmais.com.br\/es\/wp-json\/wp\/v2\/pages"}],"about":[{"href":"https:\/\/destaquevagasmais.com.br\/es\/wp-json\/wp\/v2\/types\/page"}],"author":[{"embeddable":true,"href":"https:\/\/destaquevagasmais.com.br\/es\/wp-json\/wp\/v2\/users\/5"}],"replies":[{"embeddable":true,"href":"https:\/\/destaquevagasmais.com.br\/es\/wp-json\/wp\/v2\/comments?post=136"}],"version-history":[{"count":2,"href":"https:\/\/destaquevagasmais.com.br\/es\/wp-json\/wp\/v2\/pages\/136\/revisions"}],"predecessor-version":[{"id":375,"href":"https:\/\/destaquevagasmais.com.br\/es\/wp-json\/wp\/v2\/pages\/136\/revisions\/375"}],"wp:attachment":[{"href":"https:\/\/destaquevagasmais.com.br\/es\/wp-json\/wp\/v2\/media?parent=136"}],"curies":[{"name":"wp","href":"https:\/\/api.w.org\/{rel}","templated":true}]}}